{"id":2312,"date":"2022-03-10T11:47:57","date_gmt":"2022-03-10T11:47:57","guid":{"rendered":"https:\/\/www.marinapalamos.com\/?post_type=avada_portfolio&#038;p=2312"},"modified":"2025-01-29T15:39:07","modified_gmt":"2025-01-29T15:39:07","slug":"rent-a-boat-costa-brava","status":"publish","type":"avada_portfolio","link":"https:\/\/www.marinapalamos.com\/ca\/actividades\/rent-a-boat-costa-brava\/","title":{"rendered":"Rent a Boat Costa Brava"},"content":{"rendered":"<div class=\"fusion-fullwidth fullwidth-box fusion-builder-row-1 fusion-flex-container nonhundred-percent-fullwidth non-hundred-percent-height-scrolling\" style=\"--awb-border-radius-top-left:0px;--awb-border-radius-top-right:0px;--awb-border-radius-bottom-right:0px;--awb-border-radius-bottom-left:0px;--awb-padding-top:0%;--awb-padding-bottom:0%;--awb-margin-top:0%;--awb-margin-bottom:0%;--awb-background-color:#ffffff;--awb-flex-wrap:wrap;\" ><div class=\"fusion-builder-row fusion-row fusion-flex-align-items-center fusion-flex-content-wrap\" style=\"max-width:1300px;margin-left: calc(-4% \/ 2 );margin-right: calc(-4% \/ 2 );\"><div class=\"fusion-layout-column fusion_builder_column fusion-builder-column-0 fusion_builder_column_1_2 1_2 fusion-flex-column\" style=\"--awb-padding-top:3.5%;--awb-padding-right:0%;--awb-padding-bottom:4%;--awb-padding-left:0%;--awb-bg-size:cover;--awb-border-color:#ffffff;--awb-border-style:solid;--awb-width-large:50%;--awb-margin-top-large:0%;--awb-spacing-right-large:3.84%;--awb-margin-bottom-large:0%;--awb-spacing-left-large:3.84%;--awb-width-medium:50%;--awb-order-medium:0;--awb-spacing-right-medium:3.84%;--awb-spacing-left-medium:3.84%;--awb-width-small:100%;--awb-order-small:0;--awb-spacing-right-small:1.92%;--awb-spacing-left-small:1.92%;\"><div class=\"fusion-column-wrapper fusion-column-has-shadow fusion-flex-justify-content-space-between fusion-content-layout-column\"><div class=\"fusion-title title fusion-title-1 fusion-sep-none fusion-title-text fusion-title-size-one\" style=\"--awb-text-color:#000000;--awb-font-size:45px;\"><h1 class=\"fusion-title-heading title-heading-left\" style=\"font-family:&quot;Roboto&quot;;font-style:normal;font-weight:700;margin:0;font-size:1em;\">Rent a Boat Costa Brava<\/h1><\/div><div class=\"fusion-text fusion-text-1\" style=\"--awb-font-size:23px;--awb-line-height:1.2em;--awb-text-transform:none;--awb-text-color:#272626;--awb-margin-top:5%;--awb-text-font-family:&quot;Roboto&quot;;--awb-text-font-style:normal;--awb-text-font-weight:300;\"><p><b>Explora la Costa Brava a Bord<\/b><\/p>\n<p>Et oferim l\u2019oportunitat de <b>navegar <\/b>per les meravelloses cales de <b>Palam\u00f3s<\/b>, <b>Calella de Palafrugell<\/b>, <b>Llafranc<\/b>, <b>Tamariu <\/b>i <b>Begur<\/b>, gaudint de la bellesa natural de la Costa Brava. Ja sigui per relaxar-te, explorar o simplement gaudir del mar, aquestes aig\u00fces cristal\u00b7lines t\u2019ofereixen l\u2019escenari perfecte per a una experi\u00e8ncia inoblidable.<\/p>\n<p>El nostre servei est\u00e0 dirigit a tots els tipus de clients, tant <b>si tens llic\u00e8ncia com si no<\/b>. Si no disposes de titulaci\u00f3, tamb\u00e9 podr\u00e0s gaudir d\u2019un dia de navegaci\u00f3 acompanyat per un patr\u00f3 professional, garantint una experi\u00e8ncia segura i divertida per a tothom.<\/p>\n<\/div><\/div><\/div><div class=\"fusion-layout-column fusion_builder_column fusion-builder-column-1 fusion_builder_column_1_2 1_2 fusion-flex-column\" style=\"--awb-padding-top:8%;--awb-padding-right:4%;--awb-padding-bottom:8%;--awb-padding-left:4%;--awb-bg-color:#0d1a65;--awb-bg-color-hover:#0d1a65;--awb-bg-size:cover;--awb-width-large:50%;--awb-margin-top-large:0%;--awb-spacing-right-large:3.84%;--awb-margin-bottom-large:0%;--awb-spacing-left-large:3.84%;--awb-width-medium:50%;--awb-order-medium:0;--awb-spacing-right-medium:3.84%;--awb-spacing-left-medium:3.84%;--awb-width-small:100%;--awb-order-small:0;--awb-spacing-right-small:1.92%;--awb-spacing-left-small:1.92%;\"><div class=\"fusion-column-wrapper fusion-column-has-shadow fusion-flex-justify-content-space-between fusion-content-layout-column\"><div class=\"fusion-text fusion-text-2\" style=\"--awb-font-size:25px;--awb-text-transform:none;--awb-text-font-family:&quot;Roboto&quot;;--awb-text-font-style:normal;--awb-text-font-weight:400;\"><p><span style=\"color: #009f85;\">Horari<br \/>\n<\/span><span class=\"actividad-texto-blanco\"><strong>Obert de 9h a 20h.<\/strong><\/span><\/p>\n<p><span style=\"color: #009f85;\">Contacte<\/span><br \/>\n<span class=\"actividad-texto-blanco\"><strong>+34 608 909 409<br \/>\n<span style=\"color: #ffffff;\"><a style=\"color: #ffffff;\" href=\"mailto:info@rentboatscostabrava.com\">info@rentboatscostabrava.com<\/a><\/span><br \/>\n<\/strong><\/span><\/p>\n<p><span style=\"color: #009f85;\">Web<\/span><br \/>\n<span style=\"color: #ffffff;\"><a style=\"color: #ffffff;\" href=\"https:\/\/rentboatscostabrava.com\/\" target=\"_blank\" rel=\"noopener\"><span class=\"actividad-texto-blanco\"><strong>rentboatscostabrava.com<\/strong><\/span><\/a><\/span><\/p>\n<\/div><div class=\"fusion-social-links fusion-social-links-1\" style=\"--awb-margin-top:0px;--awb-margin-right:0px;--awb-margin-bottom:0px;--awb-margin-left:0px;--awb-alignment:left;--awb-box-border-top:0px;--awb-box-border-right:0px;--awb-box-border-bottom:0px;--awb-box-border-left:0px;--awb-icon-colors-hover:var(--awb-color4);--awb-box-colors-hover:var(--awb-color1);--awb-box-border-color:#ffffff;--awb-box-border-color-hover:var(--awb-color4);\"><div class=\"fusion-social-networks boxed-icons color-type-custom\"><div class=\"fusion-social-networks-wrapper\"><a class=\"fusion-social-network-icon fusion-tooltip fusion-instagram awb-icon-instagram\" style=\"color:#0d1a65;font-size:18px;width:18px;background-color:#ffffff;border-color:#ffffff;border-radius:50px;\" data-placement=\"top\" data-title=\"Instagram\" data-toggle=\"tooltip\" title=\"Instagram\" aria-label=\"instagram\" target=\"_blank\" rel=\"noopener noreferrer\" href=\"https:\/\/www.instagram.com\/rentboats_costabrava\/\"><\/a><\/div><\/div><\/div><\/div><\/div><div class=\"fusion-layout-column fusion_builder_column fusion-builder-column-2 fusion_builder_column_1_1 1_1 fusion-flex-column\" style=\"--awb-bg-size:cover;--awb-width-large:100%;--awb-margin-top-large:30px;--awb-spacing-right-large:1.92%;--awb-margin-bottom-large:30px;--awb-spacing-left-large:1.92%;--awb-width-medium:100%;--awb-order-medium:0;--awb-spacing-right-medium:1.92%;--awb-spacing-left-medium:1.92%;--awb-width-small:100%;--awb-order-small:0;--awb-spacing-right-small:1.92%;--awb-spacing-left-small:1.92%;\"><div class=\"fusion-column-wrapper fusion-column-has-shadow fusion-flex-justify-content-flex-start fusion-content-layout-column\"><div class=\"awb-gallery-wrapper awb-gallery-wrapper-1 button-span-no\"><div style=\"margin:0px;--awb-bordersize:0px;\" class=\"fusion-gallery fusion-gallery-container fusion-grid-3 fusion-columns-total-2 fusion-gallery-layout-grid fusion-gallery-1\"><div style=\"padding:0px;\" class=\"fusion-grid-column fusion-gallery-column fusion-gallery-column-3 hover-type-none\"><div class=\"fusion-gallery-image\"><a href=\"https:\/\/www.marinapalamos.com\/wp-content\/uploads\/2022\/03\/embarcacion-remus-450-02-768x480-1-e1655372303937.jpg\" rel=\"noreferrer\" data-rel=\"iLightbox[gallery_image_1]\" class=\"fusion-lightbox\" target=\"_self\"><img decoding=\"async\" src=\"https:\/\/www.marinapalamos.com\/wp-content\/uploads\/2022\/03\/embarcacion-remus-450-02-768x480-1-460x295.jpg\" width=\"460\" height=\"295\" alt=\"\" title=\"embarcacion-remus-450-02-768&#215;480\" aria-label=\"embarcacion-remus-450-02-768&#215;480\" class=\"img-responsive wp-image-1837 fusion-gallery-image-size-fixed\"  \/><\/a><\/div><\/div><div style=\"padding:0px;\" class=\"fusion-grid-column fusion-gallery-column fusion-gallery-column-3 hover-type-none\"><div class=\"fusion-gallery-image\"><a href=\"https:\/\/www.marinapalamos.com\/wp-content\/uploads\/2022\/03\/portada112.jpg\" rel=\"noreferrer\" data-rel=\"iLightbox[gallery_image_1]\" class=\"fusion-lightbox\" target=\"_self\"><img decoding=\"async\" src=\"https:\/\/www.marinapalamos.com\/wp-content\/uploads\/2022\/03\/portada112-460x295.jpg\" width=\"460\" height=\"295\" alt=\"\" title=\"portada112\" aria-label=\"portada112\" class=\"img-responsive wp-image-1840 fusion-gallery-image-size-fixed\"  \/><\/a><\/div><\/div><\/div><\/div><\/div><\/div><\/div><\/div>\n","protected":false},"excerpt":{"rendered":"","protected":false},"author":5,"featured_media":1838,"menu_order":0,"comment_status":"closed","ping_status":"closed","template":"","format":"standard","meta":{"_acf_changed":false,"footnotes":""},"portfolio_category":[40],"portfolio_skills":[],"portfolio_tags":[],"class_list":["post-2312","avada_portfolio","type-avada_portfolio","status-publish","format-standard","has-post-thumbnail","hentry","portfolio_category-lloguer-embarcacions"],"acf":[],"yoast_head":"<!-- This site is optimized with the Yoast SEO plugin v27.2 - https:\/\/yoast.com\/product\/yoast-seo-wordpress\/ -->\n<title>Rent a Boat Costa Brava - Marina Palam\u00f3s<\/title>\n<meta name=\"robots\" content=\"index, follow, max-snippet:-1, max-image-preview:large, max-video-preview:-1\" \/>\n<link rel=\"canonical\" href=\"https:\/\/www.marinapalamos.com\/actividades\/rent-a-boat-costa-brava\/\" \/>\n<meta property=\"og:locale\" content=\"ca_ES\" \/>\n<meta property=\"og:type\" content=\"article\" \/>\n<meta property=\"og:title\" content=\"Rent a Boat Costa Brava - Marina Palam\u00f3s\" \/>\n<meta property=\"og:url\" content=\"https:\/\/www.marinapalamos.com\/actividades\/rent-a-boat-costa-brava\/\" \/>\n<meta property=\"og:site_name\" content=\"Marina Palam\u00f3s\" \/>\n<meta property=\"article:modified_time\" content=\"2025-01-29T15:39:07+00:00\" \/>\n<meta property=\"og:image\" content=\"https:\/\/www.marinapalamos.com\/wp-content\/uploads\/2022\/03\/embarcacion-remus-450-02-768x480-1-e1655372303937.jpg\" \/>\n\t<meta property=\"og:image:width\" content=\"768\" \/>\n\t<meta property=\"og:image:height\" content=\"480\" \/>\n\t<meta property=\"og:image:type\" content=\"image\/jpeg\" \/>\n<meta name=\"twitter:card\" content=\"summary_large_image\" \/>\n<meta name=\"twitter:label1\" content=\"Temps estimat de lectura\" \/>\n\t<meta name=\"twitter:data1\" content=\"4 minuts\" \/>\n<script type=\"application\/ld+json\" class=\"yoast-schema-graph\">{\"@context\":\"https:\/\/schema.org\",\"@graph\":[{\"@type\":\"WebPage\",\"@id\":\"https:\/\/www.marinapalamos.com\/actividades\/rent-a-boat-costa-brava\/\",\"url\":\"https:\/\/www.marinapalamos.com\/actividades\/rent-a-boat-costa-brava\/\",\"name\":\"Rent a Boat Costa Brava - Marina Palam\u00f3s\",\"isPartOf\":{\"@id\":\"https:\/\/www.marinapalamos.com\/#website\"},\"primaryImageOfPage\":{\"@id\":\"https:\/\/www.marinapalamos.com\/actividades\/rent-a-boat-costa-brava\/#primaryimage\"},\"image\":{\"@id\":\"https:\/\/www.marinapalamos.com\/actividades\/rent-a-boat-costa-brava\/#primaryimage\"},\"thumbnailUrl\":\"https:\/\/www.marinapalamos.com\/wp-content\/uploads\/2022\/03\/embarcacion-remus-450-02-768x480-1-e1655372303937.jpg\",\"datePublished\":\"2022-03-10T11:47:57+00:00\",\"dateModified\":\"2025-01-29T15:39:07+00:00\",\"breadcrumb\":{\"@id\":\"https:\/\/www.marinapalamos.com\/actividades\/rent-a-boat-costa-brava\/#breadcrumb\"},\"inLanguage\":\"ca\",\"potentialAction\":[{\"@type\":\"ReadAction\",\"target\":[\"https:\/\/www.marinapalamos.com\/actividades\/rent-a-boat-costa-brava\/\"]}]},{\"@type\":\"ImageObject\",\"inLanguage\":\"ca\",\"@id\":\"https:\/\/www.marinapalamos.com\/actividades\/rent-a-boat-costa-brava\/#primaryimage\",\"url\":\"https:\/\/www.marinapalamos.com\/wp-content\/uploads\/2022\/03\/embarcacion-remus-450-02-768x480-1-e1655372303937.jpg\",\"contentUrl\":\"https:\/\/www.marinapalamos.com\/wp-content\/uploads\/2022\/03\/embarcacion-remus-450-02-768x480-1-e1655372303937.jpg\",\"width\":768,\"height\":480},{\"@type\":\"BreadcrumbList\",\"@id\":\"https:\/\/www.marinapalamos.com\/actividades\/rent-a-boat-costa-brava\/#breadcrumb\",\"itemListElement\":[{\"@type\":\"ListItem\",\"position\":1,\"name\":\"Inicio\",\"item\":\"https:\/\/www.marinapalamos.com\/ca\/\"},{\"@type\":\"ListItem\",\"position\":2,\"name\":\"Portfolio\",\"item\":\"https:\/\/www.marinapalamos.com\/ca\/actividades\/\"},{\"@type\":\"ListItem\",\"position\":3,\"name\":\"Rent a Boat Costa Brava\"}]},{\"@type\":\"WebSite\",\"@id\":\"https:\/\/www.marinapalamos.com\/#website\",\"url\":\"https:\/\/www.marinapalamos.com\/\",\"name\":\"Marina Palam\u00f3s\",\"description\":\"Marina Palam\u00f3s\",\"potentialAction\":[{\"@type\":\"SearchAction\",\"target\":{\"@type\":\"EntryPoint\",\"urlTemplate\":\"https:\/\/www.marinapalamos.com\/?s={search_term_string}\"},\"query-input\":{\"@type\":\"PropertyValueSpecification\",\"valueRequired\":true,\"valueName\":\"search_term_string\"}}],\"inLanguage\":\"ca\"}]}<\/script>\n<!-- \/ Yoast SEO plugin. -->","yoast_head_json":{"title":"Rent a Boat Costa Brava - Marina Palam\u00f3s","robots":{"index":"index","follow":"follow","max-snippet":"max-snippet:-1","max-image-preview":"max-image-preview:large","max-video-preview":"max-video-preview:-1"},"canonical":"https:\/\/www.marinapalamos.com\/actividades\/rent-a-boat-costa-brava\/","og_locale":"ca_ES","og_type":"article","og_title":"Rent a Boat Costa Brava - Marina Palam\u00f3s","og_url":"https:\/\/www.marinapalamos.com\/actividades\/rent-a-boat-costa-brava\/","og_site_name":"Marina Palam\u00f3s","article_modified_time":"2025-01-29T15:39:07+00:00","og_image":[{"width":768,"height":480,"url":"https:\/\/www.marinapalamos.com\/wp-content\/uploads\/2022\/03\/embarcacion-remus-450-02-768x480-1-e1655372303937.jpg","type":"image\/jpeg"}],"twitter_card":"summary_large_image","twitter_misc":{"Temps estimat de lectura":"4 minuts"},"schema":{"@context":"https:\/\/schema.org","@graph":[{"@type":"WebPage","@id":"https:\/\/www.marinapalamos.com\/actividades\/rent-a-boat-costa-brava\/","url":"https:\/\/www.marinapalamos.com\/actividades\/rent-a-boat-costa-brava\/","name":"Rent a Boat Costa Brava - Marina Palam\u00f3s","isPartOf":{"@id":"https:\/\/www.marinapalamos.com\/#website"},"primaryImageOfPage":{"@id":"https:\/\/www.marinapalamos.com\/actividades\/rent-a-boat-costa-brava\/#primaryimage"},"image":{"@id":"https:\/\/www.marinapalamos.com\/actividades\/rent-a-boat-costa-brava\/#primaryimage"},"thumbnailUrl":"https:\/\/www.marinapalamos.com\/wp-content\/uploads\/2022\/03\/embarcacion-remus-450-02-768x480-1-e1655372303937.jpg","datePublished":"2022-03-10T11:47:57+00:00","dateModified":"2025-01-29T15:39:07+00:00","breadcrumb":{"@id":"https:\/\/www.marinapalamos.com\/actividades\/rent-a-boat-costa-brava\/#breadcrumb"},"inLanguage":"ca","potentialAction":[{"@type":"ReadAction","target":["https:\/\/www.marinapalamos.com\/actividades\/rent-a-boat-costa-brava\/"]}]},{"@type":"ImageObject","inLanguage":"ca","@id":"https:\/\/www.marinapalamos.com\/actividades\/rent-a-boat-costa-brava\/#primaryimage","url":"https:\/\/www.marinapalamos.com\/wp-content\/uploads\/2022\/03\/embarcacion-remus-450-02-768x480-1-e1655372303937.jpg","contentUrl":"https:\/\/www.marinapalamos.com\/wp-content\/uploads\/2022\/03\/embarcacion-remus-450-02-768x480-1-e1655372303937.jpg","width":768,"height":480},{"@type":"BreadcrumbList","@id":"https:\/\/www.marinapalamos.com\/actividades\/rent-a-boat-costa-brava\/#breadcrumb","itemListElement":[{"@type":"ListItem","position":1,"name":"Inicio","item":"https:\/\/www.marinapalamos.com\/ca\/"},{"@type":"ListItem","position":2,"name":"Portfolio","item":"https:\/\/www.marinapalamos.com\/ca\/actividades\/"},{"@type":"ListItem","position":3,"name":"Rent a Boat Costa Brava"}]},{"@type":"WebSite","@id":"https:\/\/www.marinapalamos.com\/#website","url":"https:\/\/www.marinapalamos.com\/","name":"Marina Palam\u00f3s","description":"Marina Palam\u00f3s","potentialAction":[{"@type":"SearchAction","target":{"@type":"EntryPoint","urlTemplate":"https:\/\/www.marinapalamos.com\/?s={search_term_string}"},"query-input":{"@type":"PropertyValueSpecification","valueRequired":true,"valueName":"search_term_string"}}],"inLanguage":"ca"}]}},"_links":{"self":[{"href":"https:\/\/www.marinapalamos.com\/ca\/wp-json\/wp\/v2\/avada_portfolio\/2312","targetHints":{"allow":["GET"]}}],"collection":[{"href":"https:\/\/www.marinapalamos.com\/ca\/wp-json\/wp\/v2\/avada_portfolio"}],"about":[{"href":"https:\/\/www.marinapalamos.com\/ca\/wp-json\/wp\/v2\/types\/avada_portfolio"}],"author":[{"embeddable":true,"href":"https:\/\/www.marinapalamos.com\/ca\/wp-json\/wp\/v2\/users\/5"}],"replies":[{"embeddable":true,"href":"https:\/\/www.marinapalamos.com\/ca\/wp-json\/wp\/v2\/comments?post=2312"}],"version-history":[{"count":2,"href":"https:\/\/www.marinapalamos.com\/ca\/wp-json\/wp\/v2\/avada_portfolio\/2312\/revisions"}],"predecessor-version":[{"id":6819,"href":"https:\/\/www.marinapalamos.com\/ca\/wp-json\/wp\/v2\/avada_portfolio\/2312\/revisions\/6819"}],"wp:featuredmedia":[{"embeddable":true,"href":"https:\/\/www.marinapalamos.com\/ca\/wp-json\/wp\/v2\/media\/1838"}],"wp:attachment":[{"href":"https:\/\/www.marinapalamos.com\/ca\/wp-json\/wp\/v2\/media?parent=2312"}],"wp:term":[{"taxonomy":"portfolio_category","embeddable":true,"href":"https:\/\/www.marinapalamos.com\/ca\/wp-json\/wp\/v2\/portfolio_category?post=2312"},{"taxonomy":"portfolio_skills","embeddable":true,"href":"https:\/\/www.marinapalamos.com\/ca\/wp-json\/wp\/v2\/portfolio_skills?post=2312"},{"taxonomy":"portfolio_tags","embeddable":true,"href":"https:\/\/www.marinapalamos.com\/ca\/wp-json\/wp\/v2\/portfolio_tags?post=2312"}],"curies":[{"name":"wp","href":"https:\/\/api.w.org\/{rel}","templated":true}]}}