{"id":1225,"date":"2021-12-30T10:44:46","date_gmt":"2021-12-30T10:44:46","guid":{"rendered":"https:\/\/www.marinapalamos.com\/?page_id=1225"},"modified":"2026-02-12T09:45:19","modified_gmt":"2026-02-12T09:45:19","slug":"medi-ambient","status":"publish","type":"page","link":"https:\/\/www.marinapalamos.com\/ca\/medi-ambient\/","title":{"rendered":"Medi Ambient"},"content":{"rendered":"<p><div class=\"fusion-fullwidth fullwidth-box fusion-builder-row-1 fusion-flex-container nonhundred-percent-fullwidth non-hundred-percent-height-scrolling\" style=\"--awb-border-radius-top-left:0px;--awb-border-radius-top-right:0px;--awb-border-radius-bottom-right:0px;--awb-border-radius-bottom-left:0px;--awb-padding-top:0%;--awb-padding-bottom:0%;--awb-margin-top:0%;--awb-margin-bottom:0%;--awb-background-color:#ffffff;--awb-flex-wrap:wrap;\" ><div class=\"fusion-builder-row fusion-row fusion-flex-align-items-flex-start fusion-flex-content-wrap\" style=\"max-width:1300px;margin-left: calc(-4% \/ 2 );margin-right: calc(-4% \/ 2 );\"><div class=\"fusion-layout-column fusion_builder_column fusion-builder-column-0 fusion_builder_column_1_2 1_2 fusion-flex-column\" style=\"--awb-bg-size:cover;--awb-width-large:50%;--awb-margin-top-large:0px;--awb-spacing-right-large:3.84%;--awb-margin-bottom-large:20px;--awb-spacing-left-large:3.84%;--awb-width-medium:50%;--awb-order-medium:0;--awb-spacing-right-medium:3.84%;--awb-spacing-left-medium:3.84%;--awb-width-small:100%;--awb-order-small:0;--awb-spacing-right-small:1.92%;--awb-spacing-left-small:1.92%;\"><div class=\"fusion-column-wrapper fusion-column-has-shadow fusion-flex-justify-content-flex-start fusion-content-layout-column\"><div class=\"fusion-text fusion-text-1\" style=\"--awb-font-size:23px;--awb-line-height:1.3em;--awb-text-transform:none;--awb-text-color:#272626;--awb-text-font-family:&quot;Roboto&quot;;--awb-text-font-style:normal;--awb-text-font-weight:300;\"><p>El <b>Port MARINA PALAM\u00d3S<\/b> t\u00e9 com a objectiu promoure i facilitar la pr\u00e0ctica de l&#8217;esport n\u00e0utic, prioritzant el respecte i la preservaci\u00f3 el medi natural en el qual duu a terme les seves activitats i el seu entorn.<\/p>\n<p>Amb la finalitat de complir amb aquests objectius, el port ha implementat un Sistema de Gesti\u00f3 de Qualitat i Medi Ambient que promou activament pr\u00e0ctiques relacionades amb la sostenibilitat per a aconseguir:<\/p>\n<\/div><div ><a class=\"fusion-button button-flat fusion-button-default-size button-default fusion-button-default button-1 fusion-button-default-span fusion-button-default-type\" target=\"_self\" href=\"https:\/\/www.marinapalamos.com\/wp-content\/uploads\/2025\/02\/INFORMACIO.png\"><span class=\"fusion-button-text awb-button__text awb-button__text--default\">TR\u00cdPTIC INFORMATIU DE GESTI\u00d3 AMBIENTAL<\/span><\/a><\/div><\/div><\/div><div class=\"fusion-layout-column fusion_builder_column fusion-builder-column-1 fusion_builder_column_1_2 1_2 fusion-flex-column\" style=\"--awb-padding-top:0%;--awb-padding-right:0%;--awb-padding-bottom:4%;--awb-padding-left:0%;--awb-bg-size:cover;--awb-border-color:#ffffff;--awb-border-style:solid;--awb-width-large:50%;--awb-margin-top-large:0%;--awb-spacing-right-large:3.84%;--awb-margin-bottom-large:0%;--awb-spacing-left-large:3.84%;--awb-width-medium:50%;--awb-order-medium:0;--awb-spacing-right-medium:3.84%;--awb-spacing-left-medium:3.84%;--awb-width-small:100%;--awb-order-small:0;--awb-spacing-right-small:1.92%;--awb-spacing-left-small:1.92%;\"><div class=\"fusion-column-wrapper fusion-column-has-shadow fusion-flex-justify-content-space-between fusion-content-layout-column\"><ul style=\"--awb-line-height:34px;--awb-icon-width:34px;--awb-icon-height:34px;--awb-icon-margin:14px;--awb-content-margin:48px;\" class=\"fusion-checklist fusion-checklist-1 fusion-checklist-default type-icons\"><li class=\"fusion-li-item\" style=\"\"><span class=\"icon-wrapper circle-no\"><i class=\"fusion-li-icon awb-icon-check\" aria-hidden=\"true\"><\/i><\/span><div class=\"fusion-li-item-content\">\n<p>Fomentar el consum responsable d&#8217;aigua i energia<\/p>\n<\/div><\/li><li class=\"fusion-li-item\" style=\"\"><span class=\"icon-wrapper circle-no\"><i class=\"fusion-li-icon awb-icon-check\" aria-hidden=\"true\"><\/i><\/span><div class=\"fusion-li-item-content\">\n<p>Impulsar la transici\u00f3 energ\u00e8tica i la mobilitat sostenible mitjan\u00e7ant la generaci\u00f3, emmagatzematge i autoconsum d&#8217;energia renovable<\/p>\n<\/div><\/li><li class=\"fusion-li-item\" style=\"\"><span class=\"icon-wrapper circle-no\"><i class=\"fusion-li-icon awb-icon-check\" aria-hidden=\"true\"><\/i><\/span><div class=\"fusion-li-item-content\">\n<p>Garantir una correcta gesti\u00f3 de residus i prevenci\u00f3 de la contaminaci\u00f3 ambiental<\/p>\n<\/div><\/li><li class=\"fusion-li-item\" style=\"\"><span class=\"icon-wrapper circle-no\"><i class=\"fusion-li-icon awb-icon-check\" aria-hidden=\"true\"><\/i><\/span><div class=\"fusion-li-item-content\">\n<p>Promoure activament projectes innovadors per a la conservaci\u00f3 i regeneraci\u00f3 del medi mar\u00ed en el port i el seu entorn<\/p>\n<\/div><\/li><\/ul><\/div><\/div><\/div><\/div><div class=\"fusion-fullwidth fullwidth-box fusion-builder-row-2 fusion-flex-container nonhundred-percent-fullwidth non-hundred-percent-height-scrolling\" style=\"--awb-border-radius-top-left:0px;--awb-border-radius-top-right:0px;--awb-border-radius-bottom-right:0px;--awb-border-radius-bottom-left:0px;--awb-background-color:#f0f4f8;--awb-flex-wrap:wrap;\" ><div class=\"fusion-builder-row fusion-row fusion-flex-align-items-flex-start fusion-flex-content-wrap\" style=\"max-width:1300px;margin-left: calc(-4% \/ 2 );margin-right: calc(-4% \/ 2 );\"><div class=\"fusion-layout-column fusion_builder_column fusion-builder-column-2 fusion_builder_column_1_1 1_1 fusion-flex-column\" style=\"--awb-padding-top:3%;--awb-bg-size:cover;--awb-width-large:100%;--awb-margin-top-large:0px;--awb-spacing-right-large:1.92%;--awb-margin-bottom-large:20px;--awb-spacing-left-large:1.92%;--awb-width-medium:100%;--awb-order-medium:0;--awb-spacing-right-medium:1.92%;--awb-spacing-left-medium:1.92%;--awb-width-small:100%;--awb-order-small:0;--awb-spacing-right-small:1.92%;--awb-spacing-left-small:1.92%;\"><div class=\"fusion-column-wrapper fusion-column-has-shadow fusion-flex-justify-content-flex-start fusion-content-layout-column\"><div class=\"fusion-text fusion-text-2\" style=\"--awb-text-transform:none;\"><h2 style=\"text-align: center;\">Accions<\/h2>\n<\/div><\/div><\/div><div class=\"fusion-layout-column fusion_builder_column fusion-builder-column-3 fusion_builder_column_1_2 1_2 fusion-flex-column\" style=\"--awb-bg-size:cover;--awb-width-large:50%;--awb-margin-top-large:0px;--awb-spacing-right-large:3.84%;--awb-margin-bottom-large:20px;--awb-spacing-left-large:3.84%;--awb-width-medium:50%;--awb-order-medium:0;--awb-spacing-right-medium:3.84%;--awb-spacing-left-medium:3.84%;--awb-width-small:100%;--awb-order-small:0;--awb-spacing-right-small:1.92%;--awb-spacing-left-small:1.92%;\"><div class=\"fusion-column-wrapper fusion-column-has-shadow fusion-flex-justify-content-flex-start fusion-content-layout-column\"><div class=\"fusion-text fusion-text-3\" style=\"--awb-text-transform:none;\"><h3>Acci\u00f3 clim\u00e0tica<\/h3>\n<\/div><div class=\"fusion-text fusion-text-4\" style=\"--awb-text-transform:none;\"><p>Adhesi\u00f3 als compromisos d&#8217;Acci\u00f3 Clim\u00e0tica Generalitat de Catalunya.<\/p>\n<p><strong>Energies renovables: Autoprove\u00efment el\u00e8ctric<\/strong><\/p>\n<ol>\n<li>Generaci\u00f3 El\u00e8ctrica via energia solar fotovoltaica.<\/li>\n<li>Reducci\u00f3 de consums mitjan\u00e7ant tecnologia LED.<\/li>\n<li>Fomentar els consums responsables.<\/li>\n<\/ol>\n<p>Fomentar la mobilitat sostenible a trav\u00e9s de la instal\u00b7laci\u00f3 de punts de rec\u00e0rrega de vehicles el\u00e8ctrics.<\/p>\n<p><strong>Absorci\u00f3 de CO2<\/strong> mitjan\u00e7ant la implantaci\u00f3 de gaireb\u00e9 4000 plantes noves de diverses esp\u00e8cies que s&#8217;adapten f\u00e0cilment a l&#8217;entorn mar\u00ed i la zona geogr\u00e0fica del port.<\/p>\n<p><strong>Neutralitzaci\u00f3 de gasos contaminants<\/strong> produ\u00efts pels vehicles mitjan\u00e7ant la instal\u00b7laci\u00f3 de paviments fotocatal\u00edtics.<\/p>\n<p><strong>Gesti\u00f3 de les aig\u00fces<\/strong> de d\u00e0rsena i de les residuals.<\/p>\n<p>Campanya de neteja del fons mar\u00ed del port. Cada any abans d&#8217;estiu. Pots participar-hi!<\/p>\n<p>Boies de fondeig Cala Seni\u00e1 i S&#8217;Alguer <strong><a href=\"https:\/\/www.marinapalamos.com\/wp-content\/uploads\/2022\/01\/boies-salguer-i-senia.pdf\" target=\"_blank\" rel=\"noopener\">Boies salguerisenia<\/a><\/strong><\/p>\n<\/div><\/div><\/div><div class=\"fusion-layout-column fusion_builder_column fusion-builder-column-4 fusion_builder_column_1_2 1_2 fusion-flex-column\" style=\"--awb-bg-size:cover;--awb-width-large:50%;--awb-margin-top-large:0px;--awb-spacing-right-large:3.84%;--awb-margin-bottom-large:20px;--awb-spacing-left-large:3.84%;--awb-width-medium:50%;--awb-order-medium:0;--awb-spacing-right-medium:3.84%;--awb-spacing-left-medium:3.84%;--awb-width-small:100%;--awb-order-small:0;--awb-spacing-right-small:1.92%;--awb-spacing-left-small:1.92%;\"><div class=\"fusion-column-wrapper fusion-column-has-shadow fusion-flex-justify-content-flex-start fusion-content-layout-column\"><div class=\"fusion-text fusion-text-5\" style=\"--awb-text-transform:none;\"><h3>Regeneraci\u00f3 de la vida marina<\/h3>\n<\/div><div class=\"fusion-builder-row fusion-builder-row-inner fusion-row fusion-flex-align-items-flex-start fusion-flex-content-wrap\" style=\"width:104% !important;max-width:104% !important;margin-left: calc(-4% \/ 2 );margin-right: calc(-4% \/ 2 );\"><div class=\"fusion-layout-column fusion_builder_column_inner fusion-builder-nested-column-0 fusion_builder_column_inner_1_2 1_2 fusion-flex-column\" style=\"--awb-bg-size:cover;--awb-width-large:50%;--awb-margin-top-large:0px;--awb-spacing-right-large:3.84%;--awb-margin-bottom-large:20px;--awb-spacing-left-large:3.84%;--awb-width-medium:50%;--awb-order-medium:0;--awb-spacing-right-medium:3.84%;--awb-spacing-left-medium:3.84%;--awb-width-small:100%;--awb-order-small:0;--awb-spacing-right-small:1.92%;--awb-spacing-left-small:1.92%;\"><div class=\"fusion-column-wrapper fusion-column-has-shadow fusion-flex-justify-content-flex-start fusion-content-layout-column\"><ul style=\"--awb-line-height:34px;--awb-icon-width:34px;--awb-icon-height:34px;--awb-icon-margin:14px;--awb-content-margin:48px;\" class=\"fusion-checklist fusion-checklist-2 fusion-checklist-default type-icons\"><li class=\"fusion-li-item\" style=\"\"><span class=\"icon-wrapper circle-no\"><i class=\"fusion-li-icon fa-file-alt fas\" aria-hidden=\"true\"><\/i><\/span><div class=\"fusion-li-item-content\">\n<p><strong><a href=\"https:\/\/www.marinapalamos.com\/wp-content\/uploads\/2022\/01\/Presentacion_BBS_Catala.pdf\" target=\"_blank\" rel=\"noopener\">Ocean Ecostructures<\/a><\/strong><\/p>\n<\/div><\/li><\/ul><div class=\"fusion-text fusion-text-6\" style=\"--awb-text-transform:none;\"><p><strong><a href=\"https:\/\/www.marinapalamos.com\/wp-content\/uploads\/2023\/02\/OCEAN-ECOSTRUCTURES-Informe-Seguimiento-1-202206.pdf\">Sistemes de regeneraci\u00f3 de la biodiversitat<\/a><\/strong> mitjan\u00e7ant l&#8217;aplicaci\u00f3 i la combinaci\u00f3 d&#8217;innovacions cient\u00edfiques d&#8217;\u00faltima generaci\u00f3.<\/p>\n<p>Un projecte innovador i apassionant del que formem part des del 2021.<\/p>\n<p><strong><a href=\"https:\/\/www.marinapalamos.com\/wp-content\/uploads\/2026\/02\/REPORT-ANUAL-2025-Palamos_pages-to-jpg-0005-scaled.jpg\">Impact Highlights 2025<\/a><\/strong><\/p>\n<\/div><\/div><\/div><div class=\"fusion-layout-column fusion_builder_column_inner fusion-builder-nested-column-1 fusion_builder_column_inner_1_2 1_2 fusion-flex-column\" style=\"--awb-bg-size:cover;--awb-width-large:50%;--awb-margin-top-large:3%;--awb-spacing-right-large:3.84%;--awb-margin-bottom-large:20px;--awb-spacing-left-large:3.84%;--awb-width-medium:50%;--awb-order-medium:0;--awb-spacing-right-medium:3.84%;--awb-spacing-left-medium:3.84%;--awb-width-small:100%;--awb-order-small:0;--awb-spacing-right-small:1.92%;--awb-spacing-left-small:1.92%;\"><div class=\"fusion-column-wrapper fusion-column-has-shadow fusion-flex-justify-content-flex-start fusion-content-layout-column\"><div class=\"fusion-image-element \" style=\"--awb-caption-title-font-family:var(--h2_typography-font-family);--awb-caption-title-font-weight:var(--h2_typography-font-weight);--awb-caption-title-font-style:var(--h2_typography-font-style);--awb-caption-title-size:var(--h2_typography-font-size);--awb-caption-title-transform:var(--h2_typography-text-transform);--awb-caption-title-line-height:var(--h2_typography-line-height);--awb-caption-title-letter-spacing:var(--h2_typography-letter-spacing);\"><span class=\" fusion-imageframe imageframe-none imageframe-1 hover-type-none\"><img decoding=\"async\" width=\"800\" height=\"720\" title=\"medio_ambiente-2\" src=\"https:\/\/www.marinapalamos.com\/wp-content\/uploads\/2022\/02\/medio_ambiente-2.jpg\" alt class=\"img-responsive wp-image-986\" srcset=\"https:\/\/www.marinapalamos.com\/wp-content\/uploads\/2022\/02\/medio_ambiente-2-200x180.jpg 200w, https:\/\/www.marinapalamos.com\/wp-content\/uploads\/2022\/02\/medio_ambiente-2-400x360.jpg 400w, https:\/\/www.marinapalamos.com\/wp-content\/uploads\/2022\/02\/medio_ambiente-2-600x540.jpg 600w, https:\/\/www.marinapalamos.com\/wp-content\/uploads\/2022\/02\/medio_ambiente-2.jpg 800w\" sizes=\"(max-width: 640px) 100vw, 600px\" \/><\/span><\/div><\/div><\/div><\/div><div class=\"fusion-separator fusion-full-width-sep\" style=\"align-self: center;margin-left: auto;margin-right: auto;margin-top:3%;width:100%;\"><\/div><div class=\"fusion-text fusion-text-7\" style=\"--awb-text-transform:none;\"><h3>Webcam LBU en directe<\/h3>\n<\/div><iframe width=\"560\" height=\"315\" src=\"https:\/\/www.youtube.com\/embed\/live_stream?channel=UChzi9vuInmiRRHPCrtLCh6w\" title=\"YouTube video player\" frameborder=\"0\" allow=\"accelerometer; autoplay; clipboard-write; encrypted-media; gyroscope; picture-in-picture; web-share\" referrerpolicy=\"strict-origin-when-cross-origin\" allowfullscreen><\/iframe><\/div><\/div><div class=\"fusion-layout-column fusion_builder_column fusion-builder-column-5 fusion_builder_column_1_1 1_1 fusion-flex-column\" style=\"--awb-bg-size:cover;--awb-width-large:100%;--awb-margin-top-large:0px;--awb-spacing-right-large:1.92%;--awb-margin-bottom-large:20px;--awb-spacing-left-large:1.92%;--awb-width-medium:100%;--awb-order-medium:0;--awb-spacing-right-medium:1.92%;--awb-spacing-left-medium:1.92%;--awb-width-small:100%;--awb-order-small:0;--awb-spacing-right-small:1.92%;--awb-spacing-left-small:1.92%;\"><div class=\"fusion-column-wrapper fusion-column-has-shadow fusion-flex-justify-content-flex-start fusion-content-layout-column\"><div class=\"fusion-separator fusion-full-width-sep\" style=\"align-self: center;margin-left: auto;margin-right: auto;margin-top:3%;width:100%;\"><\/div><div class=\"fusion-text fusion-text-8\" style=\"--awb-text-transform:none;\"><h3>\u00das d&#8217;Energies Renovables<\/h3>\n<\/div><div class=\"fusion-text fusion-text-9\" style=\"--awb-text-transform:none;\"><p>El <strong>Port Esportiu Marina Palam\u00f3s<\/strong>, dins del seu comprom\u00eds amb la transici\u00f3 energ\u00e8tica, <strong>aposta fermament per l&#8217;autogeneraci\u00f3 i l&#8217;autoconsum<\/strong> el\u00e8ctric amb font d&#8217;energia solar fotovoltaica.<\/p>\n<p><strong>Consulta el nostre Informe Medioambiental per veure tots els detalls.<\/strong><\/p>\n<\/div><div style=\"text-align:left;\"><a class=\"fusion-button button-flat fusion-button-default-size button-default fusion-button-default button-2 fusion-button-default-span fusion-button-default-type\" target=\"_blank\" rel=\"noopener noreferrer\" href=\"https:\/\/www.marinapalamos.com\/wp-content\/uploads\/2023\/08\/Informe-mediambiental.pdf\"><span class=\"fusion-button-text awb-button__text awb-button__text--default\">Informe Medioambiental<\/span><\/a><\/div><div class=\"fusion-separator fusion-full-width-sep\" style=\"align-self: center;margin-left: auto;margin-right: auto;margin-top:3%;width:100%;\"><\/div><div class=\"fusion-text fusion-text-10\" style=\"--awb-text-transform:none;\"><p><strong>Instal\u00b7laci\u00f3 d&#8217;Acumulador d&#8217;Energia El\u00e8ctrica amb una capacitat de 480 KWH.<\/strong><\/p>\n<\/div><div class=\"fusion-image-element \" style=\"--awb-caption-title-font-family:var(--h2_typography-font-family);--awb-caption-title-font-weight:var(--h2_typography-font-weight);--awb-caption-title-font-style:var(--h2_typography-font-style);--awb-caption-title-size:var(--h2_typography-font-size);--awb-caption-title-transform:var(--h2_typography-text-transform);--awb-caption-title-line-height:var(--h2_typography-line-height);--awb-caption-title-letter-spacing:var(--h2_typography-letter-spacing);\"><span class=\" fusion-imageframe imageframe-none imageframe-2 hover-type-none\"><img decoding=\"async\" width=\"1024\" height=\"576\" title=\"CATALAN\" src=\"https:\/\/www.marinapalamos.com\/wp-content\/uploads\/2024\/11\/CATALAN-1024x576.png\" alt class=\"img-responsive wp-image-6250\" srcset=\"https:\/\/www.marinapalamos.com\/wp-content\/uploads\/2024\/11\/CATALAN-200x113.png 200w, https:\/\/www.marinapalamos.com\/wp-content\/uploads\/2024\/11\/CATALAN-400x225.png 400w, https:\/\/www.marinapalamos.com\/wp-content\/uploads\/2024\/11\/CATALAN-600x338.png 600w, https:\/\/www.marinapalamos.com\/wp-content\/uploads\/2024\/11\/CATALAN-800x450.png 800w, https:\/\/www.marinapalamos.com\/wp-content\/uploads\/2024\/11\/CATALAN-1200x675.png 1200w, https:\/\/www.marinapalamos.com\/wp-content\/uploads\/2024\/11\/CATALAN.png 1920w\" sizes=\"(max-width: 640px) 100vw, 1024px\" \/><\/span><\/div><div class=\"fusion-separator fusion-full-width-sep\" style=\"align-self: center;margin-left: auto;margin-right: auto;margin-top:3%;width:100%;\"><\/div><div style=\"text-align:left;\"><a class=\"fusion-button button-flat fusion-button-default-size button-default fusion-button-default button-3 fusion-button-default-span fusion-button-default-type\" target=\"_blank\" rel=\"noopener noreferrer\" href=\"https:\/\/www.marinapalamos.com\/wp-content\/uploads\/2024\/11\/Cartell-publicitari-ajuts-renovables-1.pdf\"><span class=\"fusion-button-text awb-button__text awb-button__text--default\">Cartell de la instal\u00b7laci\u00f3<\/span><\/a><\/div><\/div><\/div><\/div><\/div><div class=\"fusion-fullwidth fullwidth-box fusion-builder-row-3 fusion-flex-container nonhundred-percent-fullwidth non-hundred-percent-height-scrolling\" style=\"--awb-border-radius-top-left:0px;--awb-border-radius-top-right:0px;--awb-border-radius-bottom-right:0px;--awb-border-radius-bottom-left:0px;--awb-background-color:#ffffff;--awb-flex-wrap:wrap;\" ><div class=\"fusion-builder-row fusion-row fusion-flex-align-items-flex-start fusion-flex-content-wrap\" style=\"max-width:1300px;margin-left: calc(-4% \/ 2 );margin-right: calc(-4% \/ 2 );\"><div class=\"fusion-layout-column fusion_builder_column fusion-builder-column-6 fusion_builder_column_1_1 1_1 fusion-flex-column\" style=\"--awb-bg-size:cover;--awb-width-large:100%;--awb-margin-top-large:0px;--awb-spacing-right-large:1.92%;--awb-margin-bottom-large:20px;--awb-spacing-left-large:1.92%;--awb-width-medium:100%;--awb-order-medium:0;--awb-spacing-right-medium:1.92%;--awb-spacing-left-medium:1.92%;--awb-width-small:100%;--awb-order-small:0;--awb-spacing-right-small:1.92%;--awb-spacing-left-small:1.92%;\"><div class=\"fusion-column-wrapper fusion-column-has-shadow fusion-flex-justify-content-flex-start fusion-content-layout-column\"><div class=\"fusion-separator fusion-full-width-sep\" style=\"align-self: center;margin-left: auto;margin-right: auto;margin-top:3%;width:100%;\"><\/div><div class=\"fusion-text fusion-text-11\"><p>Per promoure una navegaci\u00f3 segura i respectuosa amb el nostre entorn, posem a disposici\u00f3 aquestes publicacions que recullen recomanacions, bones pr\u00e0ctiques i informaci\u00f3 \u00fatil per a tots els usuaris del litoral.<\/p>\n<\/div><ul style=\"--awb-item-padding-bottom:3%;--awb-line-height:34px;--awb-icon-width:34px;--awb-icon-height:34px;--awb-icon-margin:14px;--awb-content-margin:48px;\" class=\"fusion-checklist fusion-checklist-3 fusion-checklist-default type-icons\"><li class=\"fusion-li-item\" style=\"\"><span class=\"icon-wrapper circle-no\"><i class=\"fusion-li-icon fa-file-alt fas\" aria-hidden=\"true\"><\/i><\/span><div class=\"fusion-li-item-content\">\n<p><strong><a href=\"https:\/\/www.marinapalamos.com\/wp-content\/uploads\/2024\/08\/Guia-ECONautic-ed.2024.pdf\">Guia ECON\u00e0utic &#8211; ed.2024<\/a><\/strong><\/p>\n<\/div><\/li><li class=\"fusion-li-item\" style=\"\"><span class=\"icon-wrapper circle-no\"><i class=\"fusion-li-icon fa-file-alt fas\" aria-hidden=\"true\"><\/i><\/span><div class=\"fusion-li-item-content\">\n<p><strong><a href=\"https:\/\/www.marinapalamos.com\/wp-content\/uploads\/2024\/08\/Vetllem-pel-litoral-2024.pdf\">Vetllem pel Litoral 2024 &#8211; Navegaci\u00f3 Responsable<\/a><\/strong><\/p>\n<\/div><\/li><\/ul><\/div><\/div><\/div><\/div><\/p>\n","protected":false},"excerpt":{"rendered":"","protected":false},"author":2,"featured_media":5227,"parent":0,"menu_order":0,"comment_status":"closed","ping_status":"closed","template":"100-width.php","meta":{"_acf_changed":false,"footnotes":""},"class_list":["post-1225","page","type-page","status-publish","has-post-thumbnail","hentry"],"acf":[],"yoast_head":"<!-- This site is optimized with the Yoast SEO plugin v27.5 - https:\/\/yoast.com\/product\/yoast-seo-wordpress\/ -->\n<title>Medi Ambient - Marina Palam\u00f3s<\/title>\n<meta name=\"description\" content=\"Col\u00b7laborem amb entitats en pro del respecte i cura pel medi natural on es desenvolupa la n\u00e0utica esportiva.\" \/>\n<meta name=\"robots\" content=\"index, follow, max-snippet:-1, max-image-preview:large, max-video-preview:-1\" \/>\n<link rel=\"canonical\" href=\"https:\/\/www.marinapalamos.com\/ca\/medi-ambient\/\" \/>\n<meta property=\"og:locale\" content=\"ca_ES\" \/>\n<meta property=\"og:type\" content=\"article\" \/>\n<meta property=\"og:title\" content=\"Medi Ambient - Marina Palam\u00f3s\" \/>\n<meta property=\"og:description\" content=\"Col\u00b7laborem amb entitats en pro del respecte i cura pel medi natural on es desenvolupa la n\u00e0utica esportiva.\" \/>\n<meta property=\"og:url\" content=\"https:\/\/www.marinapalamos.com\/ca\/medi-ambient\/\" \/>\n<meta property=\"og:site_name\" content=\"Marina Palam\u00f3s\" \/>\n<meta property=\"article:modified_time\" content=\"2026-02-12T09:45:19+00:00\" \/>\n<meta property=\"og:image\" content=\"https:\/\/www.marinapalamos.com\/wp-content\/uploads\/2024\/04\/MEDIAMBIENT-HEADER-2-1024x576.png\" \/>\n\t<meta property=\"og:image:width\" content=\"1024\" \/>\n\t<meta property=\"og:image:height\" content=\"576\" \/>\n\t<meta property=\"og:image:type\" content=\"image\/png\" \/>\n<meta name=\"twitter:card\" content=\"summary_large_image\" \/>\n<meta name=\"twitter:label1\" content=\"Temps estimat de lectura\" \/>\n\t<meta name=\"twitter:data1\" content=\"3 minuts\" \/>\n<script type=\"application\/ld+json\" class=\"yoast-schema-graph\">{\"@context\":\"https:\\\/\\\/schema.org\",\"@graph\":[{\"@type\":\"WebPage\",\"@id\":\"https:\\\/\\\/www.marinapalamos.com\\\/ca\\\/medi-ambient\\\/\",\"url\":\"https:\\\/\\\/www.marinapalamos.com\\\/ca\\\/medi-ambient\\\/\",\"name\":\"Medi Ambient - Marina Palam\u00f3s\",\"isPartOf\":{\"@id\":\"https:\\\/\\\/www.marinapalamos.com\\\/#website\"},\"primaryImageOfPage\":{\"@id\":\"https:\\\/\\\/www.marinapalamos.com\\\/ca\\\/medi-ambient\\\/#primaryimage\"},\"image\":{\"@id\":\"https:\\\/\\\/www.marinapalamos.com\\\/ca\\\/medi-ambient\\\/#primaryimage\"},\"thumbnailUrl\":\"https:\\\/\\\/www.marinapalamos.com\\\/wp-content\\\/uploads\\\/2024\\\/04\\\/MEDIAMBIENT-HEADER-2.png\",\"datePublished\":\"2021-12-30T10:44:46+00:00\",\"dateModified\":\"2026-02-12T09:45:19+00:00\",\"description\":\"Col\u00b7laborem amb entitats en pro del respecte i cura pel medi natural on es desenvolupa la n\u00e0utica esportiva.\",\"breadcrumb\":{\"@id\":\"https:\\\/\\\/www.marinapalamos.com\\\/ca\\\/medi-ambient\\\/#breadcrumb\"},\"inLanguage\":\"ca\",\"potentialAction\":[{\"@type\":\"ReadAction\",\"target\":[\"https:\\\/\\\/www.marinapalamos.com\\\/ca\\\/medi-ambient\\\/\"]}]},{\"@type\":\"ImageObject\",\"inLanguage\":\"ca\",\"@id\":\"https:\\\/\\\/www.marinapalamos.com\\\/ca\\\/medi-ambient\\\/#primaryimage\",\"url\":\"https:\\\/\\\/www.marinapalamos.com\\\/wp-content\\\/uploads\\\/2024\\\/04\\\/MEDIAMBIENT-HEADER-2.png\",\"contentUrl\":\"https:\\\/\\\/www.marinapalamos.com\\\/wp-content\\\/uploads\\\/2024\\\/04\\\/MEDIAMBIENT-HEADER-2.png\",\"width\":1920,\"height\":1080},{\"@type\":\"BreadcrumbList\",\"@id\":\"https:\\\/\\\/www.marinapalamos.com\\\/ca\\\/medi-ambient\\\/#breadcrumb\",\"itemListElement\":[{\"@type\":\"ListItem\",\"position\":1,\"name\":\"Inicio\",\"item\":\"https:\\\/\\\/www.marinapalamos.com\\\/ca\\\/\"},{\"@type\":\"ListItem\",\"position\":2,\"name\":\"Medi Ambient\"}]},{\"@type\":\"WebSite\",\"@id\":\"https:\\\/\\\/www.marinapalamos.com\\\/#website\",\"url\":\"https:\\\/\\\/www.marinapalamos.com\\\/\",\"name\":\"Marina Palam\u00f3s\",\"description\":\"Marina Palam\u00f3s\",\"potentialAction\":[{\"@type\":\"SearchAction\",\"target\":{\"@type\":\"EntryPoint\",\"urlTemplate\":\"https:\\\/\\\/www.marinapalamos.com\\\/?s={search_term_string}\"},\"query-input\":{\"@type\":\"PropertyValueSpecification\",\"valueRequired\":true,\"valueName\":\"search_term_string\"}}],\"inLanguage\":\"ca\"}]}<\/script>\n<!-- \/ Yoast SEO plugin. -->","yoast_head_json":{"title":"Medi Ambient - Marina Palam\u00f3s","description":"Col\u00b7laborem amb entitats en pro del respecte i cura pel medi natural on es desenvolupa la n\u00e0utica esportiva.","robots":{"index":"index","follow":"follow","max-snippet":"max-snippet:-1","max-image-preview":"max-image-preview:large","max-video-preview":"max-video-preview:-1"},"canonical":"https:\/\/www.marinapalamos.com\/ca\/medi-ambient\/","og_locale":"ca_ES","og_type":"article","og_title":"Medi Ambient - Marina Palam\u00f3s","og_description":"Col\u00b7laborem amb entitats en pro del respecte i cura pel medi natural on es desenvolupa la n\u00e0utica esportiva.","og_url":"https:\/\/www.marinapalamos.com\/ca\/medi-ambient\/","og_site_name":"Marina Palam\u00f3s","article_modified_time":"2026-02-12T09:45:19+00:00","og_image":[{"width":1024,"height":576,"url":"https:\/\/www.marinapalamos.com\/wp-content\/uploads\/2024\/04\/MEDIAMBIENT-HEADER-2-1024x576.png","type":"image\/png"}],"twitter_card":"summary_large_image","twitter_misc":{"Temps estimat de lectura":"3 minuts"},"schema":{"@context":"https:\/\/schema.org","@graph":[{"@type":"WebPage","@id":"https:\/\/www.marinapalamos.com\/ca\/medi-ambient\/","url":"https:\/\/www.marinapalamos.com\/ca\/medi-ambient\/","name":"Medi Ambient - Marina Palam\u00f3s","isPartOf":{"@id":"https:\/\/www.marinapalamos.com\/#website"},"primaryImageOfPage":{"@id":"https:\/\/www.marinapalamos.com\/ca\/medi-ambient\/#primaryimage"},"image":{"@id":"https:\/\/www.marinapalamos.com\/ca\/medi-ambient\/#primaryimage"},"thumbnailUrl":"https:\/\/www.marinapalamos.com\/wp-content\/uploads\/2024\/04\/MEDIAMBIENT-HEADER-2.png","datePublished":"2021-12-30T10:44:46+00:00","dateModified":"2026-02-12T09:45:19+00:00","description":"Col\u00b7laborem amb entitats en pro del respecte i cura pel medi natural on es desenvolupa la n\u00e0utica esportiva.","breadcrumb":{"@id":"https:\/\/www.marinapalamos.com\/ca\/medi-ambient\/#breadcrumb"},"inLanguage":"ca","potentialAction":[{"@type":"ReadAction","target":["https:\/\/www.marinapalamos.com\/ca\/medi-ambient\/"]}]},{"@type":"ImageObject","inLanguage":"ca","@id":"https:\/\/www.marinapalamos.com\/ca\/medi-ambient\/#primaryimage","url":"https:\/\/www.marinapalamos.com\/wp-content\/uploads\/2024\/04\/MEDIAMBIENT-HEADER-2.png","contentUrl":"https:\/\/www.marinapalamos.com\/wp-content\/uploads\/2024\/04\/MEDIAMBIENT-HEADER-2.png","width":1920,"height":1080},{"@type":"BreadcrumbList","@id":"https:\/\/www.marinapalamos.com\/ca\/medi-ambient\/#breadcrumb","itemListElement":[{"@type":"ListItem","position":1,"name":"Inicio","item":"https:\/\/www.marinapalamos.com\/ca\/"},{"@type":"ListItem","position":2,"name":"Medi Ambient"}]},{"@type":"WebSite","@id":"https:\/\/www.marinapalamos.com\/#website","url":"https:\/\/www.marinapalamos.com\/","name":"Marina Palam\u00f3s","description":"Marina Palam\u00f3s","potentialAction":[{"@type":"SearchAction","target":{"@type":"EntryPoint","urlTemplate":"https:\/\/www.marinapalamos.com\/?s={search_term_string}"},"query-input":{"@type":"PropertyValueSpecification","valueRequired":true,"valueName":"search_term_string"}}],"inLanguage":"ca"}]}},"_links":{"self":[{"href":"https:\/\/www.marinapalamos.com\/ca\/wp-json\/wp\/v2\/pages\/1225","targetHints":{"allow":["GET"]}}],"collection":[{"href":"https:\/\/www.marinapalamos.com\/ca\/wp-json\/wp\/v2\/pages"}],"about":[{"href":"https:\/\/www.marinapalamos.com\/ca\/wp-json\/wp\/v2\/types\/page"}],"author":[{"embeddable":true,"href":"https:\/\/www.marinapalamos.com\/ca\/wp-json\/wp\/v2\/users\/2"}],"replies":[{"embeddable":true,"href":"https:\/\/www.marinapalamos.com\/ca\/wp-json\/wp\/v2\/comments?post=1225"}],"version-history":[{"count":53,"href":"https:\/\/www.marinapalamos.com\/ca\/wp-json\/wp\/v2\/pages\/1225\/revisions"}],"predecessor-version":[{"id":8292,"href":"https:\/\/www.marinapalamos.com\/ca\/wp-json\/wp\/v2\/pages\/1225\/revisions\/8292"}],"wp:featuredmedia":[{"embeddable":true,"href":"https:\/\/www.marinapalamos.com\/ca\/wp-json\/wp\/v2\/media\/5227"}],"wp:attachment":[{"href":"https:\/\/www.marinapalamos.com\/ca\/wp-json\/wp\/v2\/media?parent=1225"}],"curies":[{"name":"wp","href":"https:\/\/api.w.org\/{rel}","templated":true}]}}