{"id":7925,"date":"2025-12-01T09:36:55","date_gmt":"2025-12-01T09:36:55","guid":{"rendered":"https:\/\/www.marinapalamos.com\/?page_id=7925"},"modified":"2025-12-01T09:42:21","modified_gmt":"2025-12-01T09:42:21","slug":"cursa-benefica-marina-palamos-2026","status":"publish","type":"page","link":"https:\/\/www.marinapalamos.com\/ca\/cursa-benefica-marina-palamos-2026\/","title":{"rendered":"Cursa Ben\u00e8fica de Reis Marina Palam\u00f3s 2026"},"content":{"rendered":"<div class=\"fusion-fullwidth fullwidth-box fusion-builder-row-1 fusion-flex-container has-pattern-background has-mask-background nonhundred-percent-fullwidth non-hundred-percent-height-scrolling\" style=\"--awb-border-radius-top-left:0px;--awb-border-radius-top-right:0px;--awb-border-radius-bottom-right:0px;--awb-border-radius-bottom-left:0px;--awb-flex-wrap:wrap;\" ><div class=\"fusion-builder-row fusion-row fusion-flex-align-items-flex-start fusion-flex-content-wrap\" style=\"max-width:1300px;margin-left: calc(-4% \/ 2 );margin-right: calc(-4% \/ 2 );\"><div class=\"fusion-layout-column fusion_builder_column fusion-builder-column-0 fusion_builder_column_1_1 1_1 fusion-flex-column\" style=\"--awb-bg-size:cover;--awb-width-large:100%;--awb-margin-top-large:0px;--awb-spacing-right-large:1.92%;--awb-margin-bottom-large:20px;--awb-spacing-left-large:1.92%;--awb-width-medium:100%;--awb-order-medium:0;--awb-spacing-right-medium:1.92%;--awb-spacing-left-medium:1.92%;--awb-width-small:100%;--awb-order-small:0;--awb-spacing-right-small:1.92%;--awb-spacing-left-small:1.92%;\"><div class=\"fusion-column-wrapper fusion-column-has-shadow fusion-flex-justify-content-flex-start fusion-content-layout-column\"><div class=\"fusion-text fusion-text-1\"><p><strong>Per quart any consecutiu, organitzem la Cursa Ben\u00e8fica de Reis a Marina Palam\u00f3s.<\/strong><br \/>\n<strong>Es tracta d&#8217;una carrera popular ben\u00e8fica a favor de la <a href=\"https:\/\/www.fundaciokalida.org\/es\/\">Fundaci\u00f3 K\u00e1lida.<\/a><\/strong><\/p>\n<\/div><div class=\"fusion-text fusion-text-2\"><p style=\"text-align: right;\"><strong>Omple aquest formulari per inscriure&#8217;t.<\/strong><\/p>\n<\/div><\/div><\/div><div class=\"fusion-layout-column fusion_builder_column fusion-builder-column-1 fusion_builder_column_1_2 1_2 fusion-flex-column\" style=\"--awb-bg-size:cover;--awb-width-large:50%;--awb-margin-top-large:20px;--awb-spacing-right-large:3.84%;--awb-margin-bottom-large:20px;--awb-spacing-left-large:3.84%;--awb-width-medium:50%;--awb-order-medium:0;--awb-spacing-right-medium:3.84%;--awb-spacing-left-medium:3.84%;--awb-width-small:100%;--awb-order-small:0;--awb-spacing-right-small:1.92%;--awb-spacing-left-small:1.92%;\"><div class=\"fusion-column-wrapper fusion-column-has-shadow fusion-flex-justify-content-flex-start fusion-content-layout-column\"><div class=\"fusion-text fusion-text-3\" style=\"--awb-font-size:18px;\"><div class=\"page\" title=\"Page 1\"><strong>Preu d&#8217;inscripci\u00f3: 10\u20ac<br \/>\n<\/strong>El pagament es fa a l\u2019esdeveniment el mateix dia, en efectiu o amb targeta.<br \/>\nEl 100% de l\u2019import de la inscripci\u00f3 es destinar\u00e0 com a donatiu a la Fundaci\u00f3 K\u00e1lida.<\/div>\n<\/div><div class=\"fusion-separator fusion-full-width-sep\" style=\"align-self: center;margin-left: auto;margin-right: auto;width:100%;\"><div class=\"fusion-separator-border sep-single\" style=\"--awb-height:20px;--awb-amount:20px;--awb-sep-color:#ffffff;border-color:#ffffff;border-top-width:30px;\"><\/div><\/div><div class=\"fusion-text fusion-text-4\" style=\"--awb-font-size:18px;\"><div class=\"page\" title=\"Page 1\">\n<p><strong>La inscripci\u00f3 inclou:<\/strong><\/p>\n<p>Medalla per a tots els participants.<br \/>\nDiners en met\u00e0l\u00b7lic per als tres primers classificats dels 7 quil\u00f2metres de les categories masculina i femenina.<br \/>\nQuina per a tots els participants.<br \/>\nEntrepans i begudes per a tots els participants.<\/p>\n<\/div>\n<div class=\"page\" title=\"Page 1\">\n<p><strong>\u00a0<\/strong><\/p>\n<\/div>\n<\/div><div class=\"fusion-text fusion-text-5\" style=\"--awb-font-size:18px;\"><div class=\"page\" title=\"Page 1\">\n<p><strong>Dist\u00e0ncies:<\/strong><\/p>\n<p><strong>600 m (0\u201310 anys)<\/strong> els pares poden acompanyar els seus fills a la cursa. Nom\u00e9s cal la inscripci\u00f3 dels nens.<\/p>\n<p><strong>Milla (10 anys endavant)<\/strong> ser\u00e0 una milla familiar i popular. <span data-olk-copy-source=\"MailCompose\">Us animem a venir disfressats!<\/span><\/p>\n<p><strong>7 quil\u00f2metres<\/strong> per la zona de la fosca i <span data-olk-copy-source=\"MailCompose\">Marina Palam\u00f3s.<\/span><\/p>\n<p><strong>Horaris:<\/strong><\/p>\n<p><strong>Lliurament de dorsals:<\/strong> 09:30 h<br data-start=\"46\" data-end=\"49\" \/><strong>Sortida 7 km:<\/strong> 10 h<br data-start=\"66\" data-end=\"69\" \/><strong>Sortida 600 m Nens:<\/strong> 10:45 h<br data-start=\"96\" data-end=\"99\" \/><strong>Sortida Milla Fam\u00edlies:<\/strong> 10:55 h<br data-start=\"129\" data-end=\"132\" \/><strong>Sortejos i premis:<\/strong> 12 h<\/p>\n<\/div>\n<\/div><\/div><\/div><div class=\"fusion-layout-column fusion_builder_column fusion-builder-column-2 fusion_builder_column_1_6 1_6 fusion-flex-column\" style=\"--awb-bg-size:cover;--awb-width-large:16.666666666667%;--awb-margin-top-large:0px;--awb-spacing-right-large:11.52%;--awb-margin-bottom-large:20px;--awb-spacing-left-large:11.52%;--awb-width-medium:16.666666666667%;--awb-order-medium:0;--awb-spacing-right-medium:11.52%;--awb-spacing-left-medium:11.52%;--awb-width-small:100%;--awb-order-small:0;--awb-spacing-right-small:1.92%;--awb-spacing-left-small:1.92%;\"><div class=\"fusion-column-wrapper fusion-column-has-shadow fusion-flex-justify-content-flex-start fusion-content-layout-column\"><\/div><\/div><div class=\"fusion-layout-column fusion_builder_column fusion-builder-column-3 fusion_builder_column_1_3 1_3 fusion-flex-column\" style=\"--awb-bg-size:cover;--awb-width-large:33.333333333333%;--awb-margin-top-large:0px;--awb-spacing-right-large:5.76%;--awb-margin-bottom-large:20px;--awb-spacing-left-large:5.76%;--awb-width-medium:33.333333333333%;--awb-order-medium:0;--awb-spacing-right-medium:5.76%;--awb-spacing-left-medium:5.76%;--awb-width-small:100%;--awb-order-small:0;--awb-spacing-right-small:1.92%;--awb-spacing-left-small:1.92%;\"><div class=\"fusion-column-wrapper fusion-column-has-shadow fusion-flex-justify-content-flex-start fusion-content-layout-column\"><div class=\"fusion-form fusion-form-builder fusion-form-form-wrapper fusion-form-4397\" style=\"--awb-tooltip-text-color:#ffffff;--awb-tooltip-background-color:#333333;--awb-form-border-color:#000000;--awb-form-focus-border-color:#212121;--awb-form-focus-border-hover-color:rgba(33,33,33,0.5);\" data-form-id=\"4397\" data-config=\"{&quot;form_id&quot;:4397,&quot;form_post_id&quot;:4397,&quot;post_id&quot;:7925,&quot;form_type&quot;:&quot;ajax&quot;,&quot;confirmation_type&quot;:&quot;message&quot;,&quot;redirect_url&quot;:&quot;https:\\\/\\\/www.marinapalamos.com\\\/cursa-de-nadal-port-marina-palamos-2023\\\/gracias-por-su-confianza\\\/&quot;,&quot;redirect_timeout&quot;:&quot;0&quot;,&quot;field_labels&quot;:{&quot;nombre&quot;:&quot;&quot;,&quot;dni&quot;:&quot;&quot;,&quot;poblacion&quot;:&quot;&quot;,&quot;Codigo-postal&quot;:&quot;&quot;,&quot;fecha_nacimiento&quot;:&quot;&quot;,&quot;distancia_a_participar&quot;:&quot;&quot;,&quot;contacto_emergencia&quot;:&quot;&quot;,&quot;correo_electronico&quot;:&quot;&quot;,&quot;telefono_de_contacto&quot;:&quot;&quot;,&quot;&quot;:&quot;&quot;},&quot;field_logics&quot;:{&quot;nombre&quot;:&quot;&quot;,&quot;dni&quot;:&quot;&quot;,&quot;poblacion&quot;:&quot;&quot;,&quot;Codigo-postal&quot;:&quot;&quot;,&quot;fecha_nacimiento&quot;:&quot;&quot;,&quot;distancia_a_participar&quot;:&quot;&quot;,&quot;contacto_emergencia&quot;:&quot;&quot;,&quot;correo_electronico&quot;:&quot;&quot;,&quot;telefono_de_contacto&quot;:&quot;&quot;,&quot;&quot;:&quot;&quot;,&quot;submit_1&quot;:&quot;&quot;,&quot;notice_1&quot;:&quot;&quot;},&quot;field_types&quot;:{&quot;nombre&quot;:&quot;text&quot;,&quot;dni&quot;:&quot;text&quot;,&quot;poblacion&quot;:&quot;text&quot;,&quot;Codigo-postal&quot;:&quot;text&quot;,&quot;fecha_nacimiento&quot;:&quot;date&quot;,&quot;distancia_a_participar&quot;:&quot;select&quot;,&quot;contacto_emergencia&quot;:&quot;text&quot;,&quot;correo_electronico&quot;:&quot;email&quot;,&quot;telefono_de_contacto&quot;:&quot;phone_number&quot;,&quot;&quot;:&quot;checkbox&quot;,&quot;submit_1&quot;:&quot;submit&quot;,&quot;notice_1&quot;:&quot;notice&quot;},&quot;nonce_method&quot;:&quot;ajax&quot;,&quot;form_views&quot;:&quot;ajax&quot;,&quot;form_views_counting&quot;:&quot;all&quot;}\"><form action=\"https:\/\/www.marinapalamos.com\/ca\/cursa-benefica-marina-palamos-2026\/\" method=\"post\" class=\"fusion-form fusion-form-4397\"><div class=\"fusion-fullwidth fullwidth-box fusion-builder-row-1-1 fusion-flex-container nonhundred-percent-fullwidth non-hundred-percent-height-scrolling\" style=\"--awb-border-radius-top-left:0px;--awb-border-radius-top-right:0px;--awb-border-radius-bottom-right:0px;--awb-border-radius-bottom-left:0px;--awb-padding-right:0%;--awb-padding-left:0%;--awb-flex-wrap:wrap;\" ><div class=\"fusion-builder-row fusion-row fusion-flex-align-items-flex-start fusion-flex-content-wrap\" style=\"width:104% !important;max-width:104% !important;margin-left: calc(-4% \/ 2 );margin-right: calc(-4% \/ 2 );\"><div class=\"fusion-layout-column fusion_builder_column fusion-builder-column-4 fusion_builder_column_1_1 1_1 fusion-flex-column\" style=\"--awb-padding-right:0%;--awb-padding-left:0%;--awb-bg-size:cover;--awb-width-large:100%;--awb-flex-grow:0;--awb-flex-shrink:0;--awb-margin-top-large:0px;--awb-spacing-right-large:0%;--awb-margin-bottom-large:20px;--awb-spacing-left-large:0%;--awb-width-medium:100%;--awb-order-medium:0;--awb-flex-grow-medium:0;--awb-flex-shrink-medium:0;--awb-spacing-right-medium:0%;--awb-spacing-left-medium:0%;--awb-width-small:100%;--awb-order-small:0;--awb-flex-grow-small:0;--awb-flex-shrink-small:0;--awb-spacing-right-small:1.92%;--awb-spacing-left-small:1.92%;\"><div class=\"fusion-column-wrapper fusion-column-has-shadow fusion-flex-justify-content-flex-start fusion-content-layout-column\"><div class=\"fusion-form-field fusion-form-text-field fusion-form-label-above\" style=\"\" data-form-id=\"4397\"><div class=\"fusion-form-input-with-icon\"><i class=\"awb-form-icon fa-user fas\"><\/i><input type=\"text\" autocomplete=\"off\" name=\"nombre\" id=\"nombre\" value=\"\"  class=\"fusion-form-input\" required=\"true\" aria-required=\"true\" placeholder=\"Nom i Cognoms *\" data-holds-private-data=\"false\" minlength=\"0\"\/><\/div><\/div><div class=\"fusion-form-field fusion-form-text-field fusion-form-label-above\" style=\"\" data-form-id=\"4397\"><div class=\"fusion-form-input-with-icon\"><i class=\"awb-form-icon fa-address-card fas\"><\/i><input type=\"text\" autocomplete=\"off\" name=\"dni\" id=\"dni\" value=\"\"  class=\"fusion-form-input\" required=\"true\" aria-required=\"true\" placeholder=\"DNI *\" data-holds-private-data=\"false\" minlength=\"0\"\/><\/div><\/div><div class=\"fusion-form-field fusion-form-text-field fusion-form-label-above\" style=\"\" data-form-id=\"4397\"><div class=\"fusion-form-input-with-icon\"><i class=\"awb-form-icon fa-home fas\"><\/i><input type=\"text\" autocomplete=\"off\" name=\"poblacion\" id=\"poblacion\" value=\"\"  class=\"fusion-form-input\" required=\"true\" aria-required=\"true\" placeholder=\"Poblaci\u00f3 *\" data-holds-private-data=\"false\" minlength=\"0\"\/><\/div><\/div><div class=\"fusion-form-field fusion-form-text-field fusion-form-label-above\" style=\"\" data-form-id=\"4397\"><div class=\"fusion-form-input-with-icon\"><i class=\"awb-form-icon fa-home fas\"><\/i><input type=\"text\" autocomplete=\"off\" name=\"Codigo-postal\" id=\"Codigo-postal\" value=\"\"  class=\"fusion-form-input\" required=\"true\" aria-required=\"true\" placeholder=\"Codi postal *\" data-holds-private-data=\"false\" minlength=\"0\"\/><\/div><\/div><div class=\"fusion-form-field fusion-form-date-field fusion-form-label-above\" style=\"\" data-form-id=\"4397\"><div class=\"fusion-form-input-with-icon\"><i class=\"fa-calendar-alt fas\"><\/i><input autocomplete=\"off\" type=\"date\" data-first-day=\"1\"  data-format=\"\" tabindex=\"\" id=\"fecha_nacimiento\" name=\"fecha_nacimiento\" data-type=\"custom\" value=\"\" data-holds-private-data=\"false\" class=\"fusion-form-input\" required=\"true\" aria-required=\"true\" placeholder=\"Data de naixement *\"autocomplete=\"no\"\/><\/div><\/div><div class=\"fusion-form-field fusion-form-select-field fusion-form-label-above\" style=\"\" data-form-id=\"4397\"><div class=\"fusion-form-input-with-icon\"><i class=\" fa-running fas\"><\/i><div class=\"fusion-select-wrapper\"><select autocomplete=\"off\" tabindex=\"\" id=\"distancia_a_participar\" name=\"distancia_a_participar\" class=\"fusion-form-input\" required=\"true\" aria-required=\"true\" data-holds-private-data=\"false\"><option value=\"\" disabled selected>Dist\u00e0ncia a participar<\/option><option value=\"600m (0-10 anys)\" >600m (0-10 anys)<\/option><option value=\"Milla (10 anys endavant)\" >Milla (10 anys endavant)<\/option><option value=\"7 km\" >7 km<\/option><\/select><div class=\"select-arrow\"><svg width=\"12\" height=\"8\" viewBox=\"0 0 12 8\" fill=\"none\" xmlns=\"http:\/\/www.w3.org\/2000\/svg\"> <path d=\"M1.5 1.75L6 6.25L10.5 1.75\" stroke=\"#6D6D6D\" stroke-width=\"2\" stroke-linecap=\"round\" stroke-linejoin=\"round\"\/> <\/svg><\/div><\/div><\/div><\/div><div class=\"fusion-form-field fusion-form-text-field fusion-form-label-above\" style=\"\" data-form-id=\"4397\"><div class=\"fusion-form-input-with-icon\"><i class=\"awb-form-icon fa-ambulance fas\"><\/i><input type=\"text\" autocomplete=\"off\" name=\"contacto_emergencia\" id=\"contacto_emergencia\" value=\"\"  class=\"fusion-form-input\" required=\"true\" aria-required=\"true\" placeholder=\"Contacte d&#039;emerg\u00e8ncia (nom i tel\u00e8fon) *\" data-holds-private-data=\"false\" minlength=\"0\"\/><\/div><\/div><div class=\"fusion-form-field fusion-form-email-field fusion-form-label-above\" style=\"\" data-form-id=\"4397\"><div class=\"fusion-form-input-with-icon\"><i class=\"awb-form-icon fa-envelope-open-text fas\"><\/i><input type=\"email\" autocomplete=\"off\" name=\"correo_electronico\" id=\"correo_electronico\" value=\"\"  class=\"fusion-form-input\" required=\"true\" aria-required=\"true\" placeholder=\"Email *\" data-holds-private-data=\"false\"\/><\/div><\/div><div class=\"fusion-form-field fusion-form-phone-number-field fusion-form-label-above\" style=\"\" data-form-id=\"4397\"><div class=\"fusion-form-input-with-icon\"><i class=\"awb-form-icon fa-phone-square-alt fas\"><\/i><input type=\"tel\" autocomplete=\"off\" name=\"telefono_de_contacto\" id=\"telefono_de_contacto\" value=\"\"  class=\"fusion-form-input\" required=\"true\" aria-required=\"true\" placeholder=\"Tel\u00e8fon *\" data-holds-private-data=\"false\"\/><\/div><\/div><div class=\"fusion-form-field fusion-form-checkbox-field fusion-form-label-above\" style=\"\" data-form-id=\"4397\"><fieldset><div class=\"fusion-form-checkbox\"><input tabindex=\"\" id=\"checkbox--1-0\" type=\"checkbox\" value=\"Declaro que em trobo en condicions f\u00edsiques adequades i que participo sota la meva pr\u00f2pia responsabilitat. Autoritzo l'organitzaci\u00f3 a fer servir la meva imatge i difondre-la en xarxes socials.\" name=\"[]\" class=\"fusion-form-input\" checked  data-holds-private-data=\"false\"\/><label for=\"checkbox--1-0\">Declaro que em trobo en condicions f\u00edsiques adequades i que participo sota la meva pr\u00f2pia responsabilitat. Autoritzo l'organitzaci\u00f3 a fer servir la meva imatge i difondre-la en xarxes socials.<\/label><\/div><\/fieldset><\/div><div class=\"fusion-form-field fusion-form-checkbox-field fusion-form-label-above\" style=\"\" data-form-id=\"4397\"><fieldset><div class=\"fusion-form-checkbox\"><input tabindex=\"\" id=\"checkbox--2-0\" type=\"checkbox\" value=\"He llegit i accepto la pol\u00edtica de privacitat\" name=\"[]\" class=\"fusion-form-input\" checked  data-holds-private-data=\"false\"\/><label for=\"checkbox--2-0\">He llegit i accepto la pol\u00edtica de privacitat<\/label><\/div><\/fieldset><\/div><div class=\"fusion-form-field fusion-form-submit-field fusion-form-label-above\" style=\"\" data-form-id=\"4397\"><div style=\"text-align:left;\"><button type=\"submit\" class=\"fusion-button button-flat button-medium button-default fusion-button-default button-1 fusion-button-default-span  button-default form-form-submit\" data-form-number=\"4397\" tabindex=\"\"><span class=\"fusion-button-text awb-button__text awb-button__text--default\">ENVIAR<\/span><\/button><\/div><\/div><div class=\"form-submission-notices data-notice_1\" id=\"fusion-notices-1\"><div class=\"fusion-alert alert success alert-success fusion-alert-center fusion-form-response fusion-form-response-success awb-alert-native-link-color alert-dismissable awb-alert-close-boxed\" role=\"alert\"><div class=\"fusion-alert-content-wrapper\"><span class=\"alert-icon\"><i class=\"awb-icon-check-circle\" aria-hidden=\"true\"><\/i><\/span><span class=\"fusion-alert-content\">Moltes gr\u00e0cies per inscriure\u2019t a la cursa. Recorda que el pagament de la inscripci\u00f3 es fa el mateix dia de l\u2019esdeveniment, en efectiu o amb targeta.<\/span><\/div><button type=\"button\" class=\"close toggle-alert\" data-dismiss=\"alert\" aria-label=\"Close\">&times;<\/button><\/div><div class=\"fusion-alert alert error alert-danger fusion-alert-center fusion-form-response fusion-form-response-error awb-alert-native-link-color alert-dismissable awb-alert-close-boxed\" role=\"alert\"><div class=\"fusion-alert-content-wrapper\"><span class=\"alert-icon\"><i class=\"awb-icon-exclamation-triangle\" aria-hidden=\"true\"><\/i><\/span><span class=\"fusion-alert-content\">Hubo un error al intentar enviar su mensaje. Por favor, int\u00e9ntelo de nuevo m\u00e1s tarde.<\/span><\/div><button type=\"button\" class=\"close toggle-alert\" data-dismiss=\"alert\" aria-label=\"Close\">&times;<\/button><\/div><\/div><\/div><\/div><\/div><\/div><input type=\"hidden\" name=\"fusion_privacy_store_ip_ua\" value=\"false\"><input type=\"hidden\" name=\"fusion_privacy_expiration_interval\" value=\"48\"><input type=\"hidden\" name=\"privacy_expiration_action\" value=\"anonymize\"><\/form><\/div><div class=\"fusion-text fusion-text-6\" style=\"--awb-font-size:14px;\"><p>N\u00e0utic Palam\u00f3s, SA tractar\u00e0 les dades segons el reglament (UE) 2016\/679 del Parlament i del Consell, de 27 d&#8217;abril del 2016, relatiu a la protecci\u00f3 de les persones f\u00edsiques quant al tractament de dades personals ia la lliure circulaci\u00f3 d&#8217;aquestes dades. Llei Org\u00e0nica 3\/2018, de 5 de desembre, de protecci\u00f3 de dades personals i garantia dels drets.<\/p>\n<\/div><\/div><\/div><\/div><\/div>\n","protected":false},"excerpt":{"rendered":"","protected":false},"author":5,"featured_media":7323,"parent":0,"menu_order":0,"comment_status":"closed","ping_status":"closed","template":"","meta":{"_acf_changed":false,"footnotes":""},"class_list":["post-7925","page","type-page","status-publish","has-post-thumbnail","hentry"],"acf":[],"yoast_head":"<!-- This site is optimized with the Yoast SEO plugin v27.5 - https:\/\/yoast.com\/product\/yoast-seo-wordpress\/ -->\n<title>Cursa Ben\u00e8fica de Reis Marina Palam\u00f3s 2026 - Marina Palam\u00f3s<\/title>\n<meta name=\"robots\" content=\"index, follow, max-snippet:-1, max-image-preview:large, max-video-preview:-1\" \/>\n<link rel=\"canonical\" href=\"https:\/\/www.marinapalamos.com\/ca\/cursa-benefica-marina-palamos-2026\/\" \/>\n<meta property=\"og:locale\" content=\"ca_ES\" \/>\n<meta property=\"og:type\" content=\"article\" \/>\n<meta property=\"og:title\" content=\"Cursa Ben\u00e8fica de Reis Marina Palam\u00f3s 2026 - Marina Palam\u00f3s\" \/>\n<meta property=\"og:url\" content=\"https:\/\/www.marinapalamos.com\/ca\/cursa-benefica-marina-palamos-2026\/\" \/>\n<meta property=\"og:site_name\" content=\"Marina Palam\u00f3s\" \/>\n<meta property=\"article:modified_time\" content=\"2025-12-01T09:42:21+00:00\" \/>\n<meta property=\"og:image\" content=\"https:\/\/www.marinapalamos.com\/wp-content\/uploads\/2021\/12\/G1070388-1024x682.jpg\" \/>\n\t<meta property=\"og:image:width\" content=\"1024\" \/>\n\t<meta property=\"og:image:height\" content=\"682\" \/>\n\t<meta property=\"og:image:type\" content=\"image\/jpeg\" \/>\n<meta name=\"twitter:card\" content=\"summary_large_image\" \/>\n<meta name=\"twitter:label1\" content=\"Temps estimat de lectura\" \/>\n\t<meta name=\"twitter:data1\" content=\"2 minuts\" \/>\n<script type=\"application\/ld+json\" class=\"yoast-schema-graph\">{\"@context\":\"https:\\\/\\\/schema.org\",\"@graph\":[{\"@type\":\"WebPage\",\"@id\":\"https:\\\/\\\/www.marinapalamos.com\\\/ca\\\/cursa-benefica-marina-palamos-2026\\\/\",\"url\":\"https:\\\/\\\/www.marinapalamos.com\\\/ca\\\/cursa-benefica-marina-palamos-2026\\\/\",\"name\":\"Cursa Ben\u00e8fica de Reis Marina Palam\u00f3s 2026 - Marina Palam\u00f3s\",\"isPartOf\":{\"@id\":\"https:\\\/\\\/www.marinapalamos.com\\\/#website\"},\"primaryImageOfPage\":{\"@id\":\"https:\\\/\\\/www.marinapalamos.com\\\/ca\\\/cursa-benefica-marina-palamos-2026\\\/#primaryimage\"},\"image\":{\"@id\":\"https:\\\/\\\/www.marinapalamos.com\\\/ca\\\/cursa-benefica-marina-palamos-2026\\\/#primaryimage\"},\"thumbnailUrl\":\"https:\\\/\\\/www.marinapalamos.com\\\/wp-content\\\/uploads\\\/2021\\\/12\\\/G1070388.jpg\",\"datePublished\":\"2025-12-01T09:36:55+00:00\",\"dateModified\":\"2025-12-01T09:42:21+00:00\",\"breadcrumb\":{\"@id\":\"https:\\\/\\\/www.marinapalamos.com\\\/ca\\\/cursa-benefica-marina-palamos-2026\\\/#breadcrumb\"},\"inLanguage\":\"ca\",\"potentialAction\":[{\"@type\":\"ReadAction\",\"target\":[\"https:\\\/\\\/www.marinapalamos.com\\\/ca\\\/cursa-benefica-marina-palamos-2026\\\/\"]}]},{\"@type\":\"ImageObject\",\"inLanguage\":\"ca\",\"@id\":\"https:\\\/\\\/www.marinapalamos.com\\\/ca\\\/cursa-benefica-marina-palamos-2026\\\/#primaryimage\",\"url\":\"https:\\\/\\\/www.marinapalamos.com\\\/wp-content\\\/uploads\\\/2021\\\/12\\\/G1070388.jpg\",\"contentUrl\":\"https:\\\/\\\/www.marinapalamos.com\\\/wp-content\\\/uploads\\\/2021\\\/12\\\/G1070388.jpg\",\"width\":2000,\"height\":1333},{\"@type\":\"BreadcrumbList\",\"@id\":\"https:\\\/\\\/www.marinapalamos.com\\\/ca\\\/cursa-benefica-marina-palamos-2026\\\/#breadcrumb\",\"itemListElement\":[{\"@type\":\"ListItem\",\"position\":1,\"name\":\"Inicio\",\"item\":\"https:\\\/\\\/www.marinapalamos.com\\\/ca\\\/\"},{\"@type\":\"ListItem\",\"position\":2,\"name\":\"Cursa Ben\u00e8fica de Reis Marina Palam\u00f3s 2026\"}]},{\"@type\":\"WebSite\",\"@id\":\"https:\\\/\\\/www.marinapalamos.com\\\/#website\",\"url\":\"https:\\\/\\\/www.marinapalamos.com\\\/\",\"name\":\"Marina Palam\u00f3s\",\"description\":\"Marina Palam\u00f3s\",\"potentialAction\":[{\"@type\":\"SearchAction\",\"target\":{\"@type\":\"EntryPoint\",\"urlTemplate\":\"https:\\\/\\\/www.marinapalamos.com\\\/?s={search_term_string}\"},\"query-input\":{\"@type\":\"PropertyValueSpecification\",\"valueRequired\":true,\"valueName\":\"search_term_string\"}}],\"inLanguage\":\"ca\"}]}<\/script>\n<!-- \/ Yoast SEO plugin. -->","yoast_head_json":{"title":"Cursa Ben\u00e8fica de Reis Marina Palam\u00f3s 2026 - Marina Palam\u00f3s","robots":{"index":"index","follow":"follow","max-snippet":"max-snippet:-1","max-image-preview":"max-image-preview:large","max-video-preview":"max-video-preview:-1"},"canonical":"https:\/\/www.marinapalamos.com\/ca\/cursa-benefica-marina-palamos-2026\/","og_locale":"ca_ES","og_type":"article","og_title":"Cursa Ben\u00e8fica de Reis Marina Palam\u00f3s 2026 - Marina Palam\u00f3s","og_url":"https:\/\/www.marinapalamos.com\/ca\/cursa-benefica-marina-palamos-2026\/","og_site_name":"Marina Palam\u00f3s","article_modified_time":"2025-12-01T09:42:21+00:00","og_image":[{"width":1024,"height":682,"url":"https:\/\/www.marinapalamos.com\/wp-content\/uploads\/2021\/12\/G1070388-1024x682.jpg","type":"image\/jpeg"}],"twitter_card":"summary_large_image","twitter_misc":{"Temps estimat de lectura":"2 minuts"},"schema":{"@context":"https:\/\/schema.org","@graph":[{"@type":"WebPage","@id":"https:\/\/www.marinapalamos.com\/ca\/cursa-benefica-marina-palamos-2026\/","url":"https:\/\/www.marinapalamos.com\/ca\/cursa-benefica-marina-palamos-2026\/","name":"Cursa Ben\u00e8fica de Reis Marina Palam\u00f3s 2026 - Marina Palam\u00f3s","isPartOf":{"@id":"https:\/\/www.marinapalamos.com\/#website"},"primaryImageOfPage":{"@id":"https:\/\/www.marinapalamos.com\/ca\/cursa-benefica-marina-palamos-2026\/#primaryimage"},"image":{"@id":"https:\/\/www.marinapalamos.com\/ca\/cursa-benefica-marina-palamos-2026\/#primaryimage"},"thumbnailUrl":"https:\/\/www.marinapalamos.com\/wp-content\/uploads\/2021\/12\/G1070388.jpg","datePublished":"2025-12-01T09:36:55+00:00","dateModified":"2025-12-01T09:42:21+00:00","breadcrumb":{"@id":"https:\/\/www.marinapalamos.com\/ca\/cursa-benefica-marina-palamos-2026\/#breadcrumb"},"inLanguage":"ca","potentialAction":[{"@type":"ReadAction","target":["https:\/\/www.marinapalamos.com\/ca\/cursa-benefica-marina-palamos-2026\/"]}]},{"@type":"ImageObject","inLanguage":"ca","@id":"https:\/\/www.marinapalamos.com\/ca\/cursa-benefica-marina-palamos-2026\/#primaryimage","url":"https:\/\/www.marinapalamos.com\/wp-content\/uploads\/2021\/12\/G1070388.jpg","contentUrl":"https:\/\/www.marinapalamos.com\/wp-content\/uploads\/2021\/12\/G1070388.jpg","width":2000,"height":1333},{"@type":"BreadcrumbList","@id":"https:\/\/www.marinapalamos.com\/ca\/cursa-benefica-marina-palamos-2026\/#breadcrumb","itemListElement":[{"@type":"ListItem","position":1,"name":"Inicio","item":"https:\/\/www.marinapalamos.com\/ca\/"},{"@type":"ListItem","position":2,"name":"Cursa Ben\u00e8fica de Reis Marina Palam\u00f3s 2026"}]},{"@type":"WebSite","@id":"https:\/\/www.marinapalamos.com\/#website","url":"https:\/\/www.marinapalamos.com\/","name":"Marina Palam\u00f3s","description":"Marina Palam\u00f3s","potentialAction":[{"@type":"SearchAction","target":{"@type":"EntryPoint","urlTemplate":"https:\/\/www.marinapalamos.com\/?s={search_term_string}"},"query-input":{"@type":"PropertyValueSpecification","valueRequired":true,"valueName":"search_term_string"}}],"inLanguage":"ca"}]}},"_links":{"self":[{"href":"https:\/\/www.marinapalamos.com\/ca\/wp-json\/wp\/v2\/pages\/7925","targetHints":{"allow":["GET"]}}],"collection":[{"href":"https:\/\/www.marinapalamos.com\/ca\/wp-json\/wp\/v2\/pages"}],"about":[{"href":"https:\/\/www.marinapalamos.com\/ca\/wp-json\/wp\/v2\/types\/page"}],"author":[{"embeddable":true,"href":"https:\/\/www.marinapalamos.com\/ca\/wp-json\/wp\/v2\/users\/5"}],"replies":[{"embeddable":true,"href":"https:\/\/www.marinapalamos.com\/ca\/wp-json\/wp\/v2\/comments?post=7925"}],"version-history":[{"count":21,"href":"https:\/\/www.marinapalamos.com\/ca\/wp-json\/wp\/v2\/pages\/7925\/revisions"}],"predecessor-version":[{"id":8186,"href":"https:\/\/www.marinapalamos.com\/ca\/wp-json\/wp\/v2\/pages\/7925\/revisions\/8186"}],"wp:featuredmedia":[{"embeddable":true,"href":"https:\/\/www.marinapalamos.com\/ca\/wp-json\/wp\/v2\/media\/7323"}],"wp:attachment":[{"href":"https:\/\/www.marinapalamos.com\/ca\/wp-json\/wp\/v2\/media?parent=7925"}],"curies":[{"name":"wp","href":"https:\/\/api.w.org\/{rel}","templated":true}]}}